{"id":2276,"date":"2025-10-01T05:35:37","date_gmt":"2025-10-01T05:35:37","guid":{"rendered":"http:\/\/sp2.bedzin.pl\/?page_id=2276"},"modified":"2026-02-01T21:39:36","modified_gmt":"2026-02-01T21:39:36","slug":"rekrutacja","status":"publish","type":"page","link":"https:\/\/sp2.bedzin.pl\/?page_id=2276","title":{"rendered":"Rekrutacja"},"content":{"rendered":"<div>\n<p style=\"text-align: center;\"><span style=\"font-size: 36pt; color: #000000;\"><strong>Z<span style=\"font-family: 'times new roman', times, serif;\">apisy do klas pierwszych b\u0119dzi\u0144skich szk\u00f3\u0142 podstawowych <\/span><\/strong><\/span><\/p>\n<p style=\"text-align: center;\"><span style=\"font-size: 36pt; color: #000000;\"><strong><span style=\"font-family: 'times new roman', times, serif;\">na rok szkolny 2026\/2027.<\/span><\/strong><\/span><\/p>\n<p>&nbsp;<\/p>\n<p><span style=\"font-size: 24pt;\"><span style=\"font-family: 'times new roman', times, serif; color: #ff0000;\"><strong>Informacje dotycz\u0105ce zapis\u00f3w:<\/strong><\/span><\/span><\/p>\n<p><span style=\"font-size: 14pt;\"><strong style=\"color: #ff0000; font-family: 'times new roman', times, serif;\"><a style=\"color: #ff0000;\" href=\"https:\/\/sp2.bedzin.pl\/wp-content\/uploads\/2026\/02\/Zasady-przyjec-do-klas-I-w-szkolach-podstawowych_2026_informacja-szczegolowa.pdf\">Zasady przyj\u0119\u0107 do klas I w szko\u0142ach podstawowych_2026_informacja szczeg\u00f3\u0142owa&nbsp; <\/a><strong><a style=\"color: #0000ff;\" href=\"https:\/\/sp2.bedzin.pl\/wp-content\/uploads\/2026\/02\/Zgloszenie_klasa-I-SP.pdf\"><span style=\"color: #000000;\">(dokument pdf do pobrania)<\/span><\/a><\/strong><\/strong><\/span><strong style=\"color: #ff0000; font-family: 'times new roman', times, serif;\">&nbsp;<\/strong><\/p>\n<p>&nbsp;<\/p>\n<\/div>\n<p>&nbsp;<\/p>\n<p>&nbsp;<\/p>\n<div>\n<p>&nbsp;<\/p>\n<p><span style=\"font-family: 'times new roman', times, serif; font-size: 24pt; color: #3366ff;\"><strong>Zapisy dzieci zamieszka\u0142ych w&nbsp;obwodzie danej szko\u0142y do klasy pierwszej szko\u0142y podstawowej.<\/strong><\/span><\/p>\n<p><span style=\"font-family: 'times new roman', times, serif; font-size: 18pt;\"><strong>Zg\u0142oszenia mo\u017cna sk\u0142ada\u0107: <span style=\"color: #3366ff;\"><span style=\"color: #000000;\">od<\/span> 2 lutego 2026r. <span style=\"color: #000000;\">do<\/span> 13 marca 2026r.<\/span><\/strong><\/span><\/p>\n<p><span style=\"font-family: 'times new roman', times, serif; font-size: 14pt;\">Zgodnie z obowi\u0105zuj\u0105cym prawem o\u015bwiatowym, do klasy pierwszej publicznej szko\u0142y podstawowej <span style=\"color: #3366ff;\"><strong>przyjmuje si\u0119 z urz\u0119du <\/strong><\/span>dzieci zamieszka\u0142e <span style=\"color: #3366ff;\"><strong>w obwodzie<\/strong><\/span> danej szko\u0142y.<\/span><\/p>\n<p><span style=\"text-decoration: underline;\"><strong><span style=\"font-family: 'times new roman', times, serif; font-size: 18pt; color: #3366ff; text-decoration: underline;\">Dokumenty dotycz\u0105ce zapis\u00f3w dzieci zamieszka\u0142ych w obwodzie danej szko\u0142y, kt\u00f3re nale\u017cy z\u0142o\u017cy\u0107 w sekretariacie szko\u0142y:<\/span><\/strong><\/span><\/p>\n<p><span style=\"color: #0000ff; font-size: 14pt;\"><strong><a style=\"color: #0000ff;\" href=\"https:\/\/sp2.bedzin.pl\/wp-content\/uploads\/2026\/02\/Zgloszenie_klasa-I-SP.pdf\">Zg\u0142oszenie kandydata do klasy I szko\u0142y podstawowej&nbsp; <\/a><a style=\"color: #0000ff;\" href=\"https:\/\/sp2.bedzin.pl\/wp-content\/uploads\/2026\/02\/Zgloszenie_klasa-I-SP.pdf\"><span style=\"color: #000000;\">(dokument pdf do pobrania)<\/span><\/a><\/strong><\/span><\/p>\n<p>&nbsp;<\/p>\n<\/div>\n<p>&nbsp;<\/p>\n<p>&nbsp;<\/p>\n<p>&nbsp;<\/p>\n<p>&nbsp;<\/p>\n<p>&nbsp;<\/p>\n<p>&nbsp;<\/p>\n<div>\n<p><span style=\"color: #00ff00;\"><strong><span style=\"font-family: 'times new roman', times, serif; font-size: 24pt;\">Rekrutacj\u0119 dzieci zamieszka\u0142ych poza obwodem danej szko\u0142y do klasy pierwszej &nbsp;szko\u0142y podstawowej.<\/span><\/strong><\/span><\/p>\n<p><span style=\"font-family: 'times new roman', times, serif; font-size: 18pt;\"><strong>Wnioski i o\u015bwiadczenia mo\u017cna sk\u0142ada\u0107: <span style=\"color: #00ff00;\"><span style=\"color: #000000;\">od<\/span> 2 marca 2026r. <span style=\"color: #000000;\">do<\/span> 20 marca 2026 r.<\/span><\/strong><\/span><\/p>\n<\/div>\n<p><span style=\"text-decoration: underline;\"><span style=\"color: #00ff00; text-decoration: underline;\"><strong><span style=\"font-size: 18pt;\"><span style=\"font-family: 'times new roman', times, serif;\">Dokumenty dotycz\u0105ce zapis\u00f3w dzieci zamieszka\u0142ych poza obwodem danej szko\u0142y, kt\u00f3re nale\u017cy z\u0142o\u017cy\u0107 w sekretariacie szko\u0142y:<\/span><\/span><\/strong><\/span><\/span><\/p>\n<p><span style=\"color: #339966; font-size: 14pt;\"><a style=\"color: #339966;\" href=\"https:\/\/sp2.bedzin.pl\/wp-content\/uploads\/2026\/02\/Wniosek-o-przyjecie-dziecka-do-klasy-I-szkoly-podstawowej_2026.pdf\">Wniosek o przyj\u0119cie dziecka do klasy I szko\u0142y podstawowej_2026&nbsp; <\/a><strong><a style=\"color: #0000ff;\" href=\"https:\/\/sp2.bedzin.pl\/wp-content\/uploads\/2026\/02\/Zgloszenie_klasa-I-SP.pdf\"><span style=\"color: #000000;\">(dokument pdf do pobrania)<\/span><\/a><\/strong><\/span><\/p>\n<p><span style=\"color: #339966; font-size: 14pt;\"><a style=\"color: #339966;\" href=\"https:\/\/sp2.bedzin.pl\/wp-content\/uploads\/2026\/02\/Oswiadczenie-o-rodzenstwie-kandydata_kryterium-nr-1.pdf\">O\u015bwiadczenie o rodze\u0144stwie kandydata_kryterium nr 1&nbsp; <\/a><strong><a style=\"color: #0000ff;\" href=\"https:\/\/sp2.bedzin.pl\/wp-content\/uploads\/2026\/02\/Zgloszenie_klasa-I-SP.pdf\"><span style=\"color: #000000;\">(dokument pdf do pobrania)<\/span><\/a><\/strong><\/span><\/p>\n<p><span style=\"color: #339966; font-size: 14pt;\"><a style=\"color: #339966;\" href=\"https:\/\/sp2.bedzin.pl\/wp-content\/uploads\/2026\/02\/Oswiadczenie-o-miejscu-pracy-rodzicow-kandydata_kryterium-nr-2.pdf\">O\u015bwiadczenie o miejscu pracy rodzic\u00f3w kandydata_kryterium nr 2&nbsp; <\/a><strong><a style=\"color: #0000ff;\" href=\"https:\/\/sp2.bedzin.pl\/wp-content\/uploads\/2026\/02\/Zgloszenie_klasa-I-SP.pdf\"><span style=\"color: #000000;\">(dokument pdf do pobrania)<\/span><\/a><\/strong><\/span><\/p>\n<p><span style=\"color: #339966;\"><a style=\"color: #339966;\" href=\"https:\/\/sp2.bedzin.pl\/wp-content\/uploads\/2026\/02\/Oswiadczenie-o-krewnych-mieszkajacych-w-obwodzie-szkoly_kryterium-nr-3.pdf\"><span style=\"font-size: 14pt;\">O\u015bwiadczenie o krewnych mieszkaj\u0105cych w obwodzie szko\u0142y_kryterium nr 3&nbsp; <\/span><\/a><strong><a style=\"color: #0000ff;\" href=\"https:\/\/sp2.bedzin.pl\/wp-content\/uploads\/2026\/02\/Zgloszenie_klasa-I-SP.pdf\"><span style=\"color: #000000;\">(dokument pdf do pobrania)<\/span><\/a><\/strong><\/span>&nbsp;<\/p>\n<p>&nbsp;<\/p>\n<div>\n<p><span style=\"font-family: 'times new roman', times, serif; font-size: 14pt;\">Zgodnie z obowi\u0105zuj\u0105cym prawem o\u015bwiatowym, do klasy pierwszej publicznej szko\u0142y podstawowej przyjmuje si\u0119 <strong>z urz\u0119du<\/strong> dzieci zamieszka\u0142e w&nbsp;obwodzie danej szko\u0142y oraz w&nbsp;dalszej kolejno\u015bci na&nbsp;<span style=\"color: #99cc00;\"><span style=\"color: #00ff00;\">wniosek rodzic\u00f3w (prawnych opiekun\u00f3w), <strong>dzieci zamieszka\u0142e poza obwodem<\/strong> danej szko\u0142y,<\/span><strong><span style=\"color: #00ff00;\">&nbsp;je\u015bli szko\u0142a dysponuje wolnymi miejscam<\/span>i.<\/strong><\/span><\/span><\/p>\n<p><span style=\"font-family: 'times new roman', times, serif; font-size: 14pt; color: #00ff00;\"><strong>Rekrutacj\u0119 (dzieci zamieszka\u0142ych poza obwodem danej szko\u0142y) do klasy pierwszej <\/strong><strong>organizuje szko\u0142a podstawowa, kt\u00f3ra dysponuje wolnymi miejscami.<\/strong><\/span><\/p>\n<p>&nbsp;<\/p>\n<p><span style=\"font-family: 'times new roman', times, serif; font-size: 14pt;\">Rodzice\/opiekunowie prawni kandydata, zainteresowani zapisaniem <strong><span style=\"color: #00ff00;\">dziecka zamieszka\u0142ego poza obwodem danej szko\u0142y<\/span>,<\/strong> sk\u0142adaj\u0105 do dyrektora wybranej szko\u0142y <span style=\"color: #00ff00;\"><strong>wniosek <\/strong><\/span>o przyj\u0119cie kandydata do klasy pierwszej, zgodny z ustalonym wzorem, w terminie od<span style=\"color: #00ff00;\"><strong>&nbsp;2 marca 2026 roku <\/strong><span style=\"color: #000000;\">do<\/span> <strong>20 marca 2026 roku.<\/strong><\/span><\/span><\/p>\n<p><span style=\"font-family: 'times new roman', times, serif; font-size: 14pt;\"><span style=\"color: #00ff00;\"><strong>Do wniosku<\/strong><\/span> rodzice\/opiekunowie prawni <span style=\"color: #00ff00;\"><strong>mog\u0105 do\u0142\u0105czy\u0107 o\u015bwiadczenia:<\/strong><\/span><\/span><\/p>\n<p><span style=\"font-family: 'times new roman', times, serif; font-size: 14pt;\"><span style=\"color: #00ff00;\">O\u015bwiadczenie<\/span> o rodze\u0144stwie kandydata spe\u0142niaj\u0105cym obowi\u0105zek <\/span><span style=\"font-family: 'times new roman', times, serif; font-size: 14pt;\">w danej szkole.<\/span><\/p>\n<p><span style=\"font-family: 'times new roman', times, serif; font-size: 14pt;\"><span style=\"color: #00ff00;\">O\u015bwiadczenie<\/span> o miejscu pracy rodzic\u00f3w w obwodzie danej szko\u0142y.<\/span><\/p>\n<p><span style=\"font-family: 'times new roman', times, serif; font-size: 14pt;\"><span style=\"color: #00ff00;\">O\u015bwiadczenie<\/span> o krewnych mieszkaj\u0105cych w obwodzie danej szko\u0142y, a wspieraj\u0105cych rodzic\u00f3w w opiece nad kandydatem.<\/span><\/p>\n<p><span style=\"font-family: 'times new roman', times, serif; font-size: 14pt;\">Rodzic lub opiekun prawny kandydata przyj\u0119tego do klasy pierwszej, a zamieszka\u0142ego poza obwodem szko\u0142y podstawowej, <strong>zobowi\u0105zany jest do dostarczenia przekazu ucznia ze szko\u0142y obwodowej<\/strong> do dnia <strong>21 sierpnia 2026 roku.<\/strong> Niedostarczenie przekazu w wyznaczonym terminie jest r\u00f3wnoznaczne z rezygnacj\u0105 z ucz\u0119szczania dziecka do wybranej szko\u0142y.<\/span><\/p>\n<p><span style=\"font-family: 'times new roman', times, serif; font-size: 14pt; color: #00ff00;\"><strong>Kryteria rekrutacji<\/strong><\/span><\/p>\n<p><span style=\"font-family: 'times new roman', times, serif; font-size: 14pt;\">Zgodnie z ustaw\u0105 \u2013 Prawo o\u015bwiatowe kandydaci zamieszkali poza obwodem publicznej szko\u0142y podstawowej mog\u0105 by\u0107 przyj\u0119ci do klasy pierwszej <\/span><span style=\"font-family: 'times new roman', times, serif; font-size: 14pt;\">po przeprowadzeniu post\u0119powania rekrutacyjnego.<\/span><\/p>\n<p><span style=\"font-family: 'times new roman', times, serif; font-size: 14pt;\">W post\u0119powaniu rekrutacyjnym na rok szkolny 2026\/2027 <strong>do klasy pierwszej szko\u0142y podstawowej<\/strong> obowi\u0105zuj\u0105 nast\u0119puj\u0105ce kryteria:<\/span><\/p>\n<p><span style=\"font-family: 'times new roman', times, serif; font-size: 14pt;\">rodze\u0144stwo kandydata spe\u0142nia obowi\u0105zek szkolny w danej szkole, warto\u015b\u0107 \u2013 <strong>6 punkt\u00f3w<\/strong>,<\/span><\/p>\n<p><span style=\"font-family: 'times new roman', times, serif; font-size: 14pt;\">miejsce pracy rodzic\u00f3w\/opiekun\u00f3w prawnych znajduje si\u0119 w obwodzie danej szko\u0142y, warto\u015b\u0107 \u2013 <strong>4 punkty<\/strong>,<\/span><\/p>\n<p><span style=\"font-family: 'times new roman', times, serif; font-size: 14pt;\">krewni kandydata, wspieraj\u0105cy rodzic\u00f3w\/opiekun\u00f3w prawnych w zapewnieniu nale\u017cytej opieki nad dzieckiem, zamieszkuj\u0105 <\/span><span style=\"font-family: 'times new roman', times, serif; font-size: 14pt;\">w obwodzie danej szko\u0142y, warto\u015b\u0107 \u2013 <strong>3 punkty<\/strong>,<\/span><\/p>\n<p><span style=\"font-family: 'times new roman', times, serif; font-size: 14pt;\">kandydat ma miejsce zamieszkania na terenie B\u0119dzina, <\/span><span style=\"font-family: 'times new roman', times, serif; font-size: 14pt;\">warto\u015b\u0107 \u2013 <strong>3 punkty.<\/strong><\/span><\/p>\n<p>&nbsp;<\/p>\n<p>&nbsp;<\/p>\n<p>&nbsp;<\/p>\n<p><span style=\"font-family: 'times new roman', times, serif; font-size: 18pt; color: #cc99ff;\"><strong>Je\u017celi po przeprowadzeniu post\u0119powania rekrutacyjnego szko\u0142a dysponuje wolnymi miejscami w klasach pierwszych, dyrektor szko\u0142y przeprowadza post\u0119powanie uzupe\u0142niaj\u0105ce.<\/strong><\/span><\/p>\n<\/div>\n<div>&nbsp;<\/div>\n<div>&nbsp;<\/div>\n<div>&nbsp;<\/div>\n<div>&nbsp;<\/div>\n<div>&nbsp;<\/div>\n<div>&nbsp;<\/div>\n<div>&nbsp;<\/div>\n<div>&nbsp;<\/div>\n<div>&nbsp;<\/div>\n<div>&nbsp;<\/div>\n<div>&nbsp;&nbsp;<\/div>\n<div>&nbsp;<\/div>\n<div>&nbsp;<\/div>\n<div>&nbsp;<\/div>\n<div>&nbsp;&nbsp;&nbsp;&nbsp;<b><\/b><\/div>\n","protected":false},"excerpt":{"rendered":"<p>Zapisy do klas pierwszych b\u0119dzi\u0144skich szk\u00f3\u0142 podstawowych na rok szkolny 2026\/2027. &nbsp; Informacje dotycz\u0105ce zapis\u00f3w: Zasady przyj\u0119\u0107 do klas I w szko\u0142ach podstawowych_2026_informacja szczeg\u00f3\u0142owa&nbsp; (dokument pdf do pobrania)&nbsp; &nbsp; &nbsp; &nbsp; &nbsp; Zapisy dzieci zamieszka\u0142ych w&nbsp;obwodzie danej szko\u0142y do klasy pierwszej szko\u0142y podstawowej. Zg\u0142oszenia mo\u017cna sk\u0142ada\u0107: od 2 lutego 2026r. [&hellip;]<\/p>\n","protected":false},"author":1,"featured_media":0,"parent":0,"menu_order":0,"comment_status":"closed","ping_status":"closed","template":"","meta":{"ngg_post_thumbnail":0,"footnotes":""},"class_list":["post-2276","page","type-page","status-publish","hentry"],"_links":{"self":[{"href":"https:\/\/sp2.bedzin.pl\/index.php?rest_route=\/wp\/v2\/pages\/2276","targetHints":{"allow":["GET"]}}],"collection":[{"href":"https:\/\/sp2.bedzin.pl\/index.php?rest_route=\/wp\/v2\/pages"}],"about":[{"href":"https:\/\/sp2.bedzin.pl\/index.php?rest_route=\/wp\/v2\/types\/page"}],"author":[{"embeddable":true,"href":"https:\/\/sp2.bedzin.pl\/index.php?rest_route=\/wp\/v2\/users\/1"}],"replies":[{"embeddable":true,"href":"https:\/\/sp2.bedzin.pl\/index.php?rest_route=%2Fwp%2Fv2%2Fcomments&post=2276"}],"version-history":[{"count":8,"href":"https:\/\/sp2.bedzin.pl\/index.php?rest_route=\/wp\/v2\/pages\/2276\/revisions"}],"predecessor-version":[{"id":2763,"href":"https:\/\/sp2.bedzin.pl\/index.php?rest_route=\/wp\/v2\/pages\/2276\/revisions\/2763"}],"wp:attachment":[{"href":"https:\/\/sp2.bedzin.pl\/index.php?rest_route=%2Fwp%2Fv2%2Fmedia&parent=2276"}],"curies":[{"name":"wp","href":"https:\/\/api.w.org\/{rel}","templated":true}]}}