{"id":2288,"date":"2025-10-01T05:37:00","date_gmt":"2025-10-01T05:37:00","guid":{"rendered":"http:\/\/sp2.bedzin.pl\/?page_id=2288"},"modified":"2025-11-08T01:22:29","modified_gmt":"2025-11-08T01:22:29","slug":"konsultacje","status":"publish","type":"page","link":"https:\/\/sp2.bedzin.pl\/?page_id=2288","title":{"rendered":"Samorz\u0105d Uczniowski"},"content":{"rendered":"<div>\n<div>\n<div>\n<div>\n<div>\n<div>&nbsp;<\/div>\n<\/div>\n<\/div>\n<\/div>\n<\/div>\n<\/div>\n<div>\n<div style=\"text-align: center;\">\n<p><span style=\"font-size: 24pt;\"><strong><span style=\"font-family: 'times new roman', times, serif; color: #3366ff;\">Samorz\u0105d uczniowski w roku szkolnym 2025\/2026<\/span><\/strong><\/span><\/p>\n<p><span style=\"font-family: 'times new roman', times, serif; font-size: 18pt;\">Przewodnicz\u0105cy Samorz\u0105du Uczniowskiego: <strong>Maksymilian Witek; klasa 8a<\/strong><\/span><br \/>\n<span style=\"font-family: 'times new roman', times, serif; font-size: 18pt;\">Zast\u0119pca Samorz\u0105du Uczniowskiego: <strong>Lena Zi\u0119tara; klasa 8d<\/strong><\/span><br \/>\n<span style=\"font-family: 'times new roman', times, serif; font-size: 18pt;\">Sekretarz Samorz\u0105du Uczniowskiego: <strong>Franciszek Czwakiel; klasa 8c<\/strong><\/span><\/p>\n<\/div>\n<div style=\"text-align: center;\">\n<p>&nbsp;<\/p>\n<p><span style=\"font-family: 'times new roman', times, serif; font-size: 24pt;\"><strong><span style=\"color: #3366ff;\">Opiekun samorz\u0105du uczniowskiego: <\/span><\/strong>Pani Karolina Siuda<\/span><\/p>\n<\/div>\n<\/div>\n<p>&nbsp;<\/p>\n<p><img fetchpriority=\"high\" decoding=\"async\" class=\"wp-image-2447 aligncenter\" style=\"text-align: center;\" src=\"https:\/\/sp2.bedzin.pl\/wp-content\/uploads\/2025\/11\/Samorzad-Uczniowski-w-roku-szkolnym-2025_2026.docx-1-300x225.jpg\" alt=\"\" width=\"540\" height=\"405\" srcset=\"https:\/\/sp2.bedzin.pl\/wp-content\/uploads\/2025\/11\/Samorzad-Uczniowski-w-roku-szkolnym-2025_2026.docx-1-300x225.jpg 300w, https:\/\/sp2.bedzin.pl\/wp-content\/uploads\/2025\/11\/Samorzad-Uczniowski-w-roku-szkolnym-2025_2026.docx-1-1024x768.jpg 1024w, https:\/\/sp2.bedzin.pl\/wp-content\/uploads\/2025\/11\/Samorzad-Uczniowski-w-roku-szkolnym-2025_2026.docx-1-768x576.jpg 768w, https:\/\/sp2.bedzin.pl\/wp-content\/uploads\/2025\/11\/Samorzad-Uczniowski-w-roku-szkolnym-2025_2026.docx-1-1536x1152.jpg 1536w, https:\/\/sp2.bedzin.pl\/wp-content\/uploads\/2025\/11\/Samorzad-Uczniowski-w-roku-szkolnym-2025_2026.docx-1.jpg 1600w\" sizes=\"(max-width: 540px) 100vw, 540px\" \/><\/p>\n<p>&nbsp;<\/p>\n<div>\n<div style=\"text-align: center;\">\n<p><span style=\"color: #0000ff;\"><a style=\"color: #0000ff;\" href=\"https:\/\/sp2.bedzin.pl\/wp-content\/uploads\/2025\/11\/Dni-kolorowe-i-tematyczne-organizowane-w-szkole-w-roku-szkolnym-2025_2026.pdf\">Dni kolorowe i tematyczne organizowane w szkole w roku szkolnym 2025_2026<\/a><\/span><\/p>\n<p><a href=\"https:\/\/sp2.bedzin.pl\/wp-content\/uploads\/2025\/11\/Wydarzenia-organizowane-przez-SU-i-szkole-w-roku-szkolnym-2025_2026.pdf\"><span style=\"color: #0000ff;\">Wydarzenia organizowane przez SU i szko\u0142\u0119 w roku szkolnym 2025_2026<\/span><\/a><\/p>\n<p>&nbsp;<\/p>\n<\/div>\n<div>&nbsp;<\/div>\n<\/div>\n","protected":false},"excerpt":{"rendered":"<p>&nbsp; Samorz\u0105d uczniowski w roku szkolnym 2025\/2026 Przewodnicz\u0105cy Samorz\u0105du Uczniowskiego: Maksymilian Witek; klasa 8a Zast\u0119pca Samorz\u0105du Uczniowskiego: Lena Zi\u0119tara; klasa 8d Sekretarz Samorz\u0105du Uczniowskiego: Franciszek Czwakiel; klasa 8c &nbsp; Opiekun samorz\u0105du uczniowskiego: Pani Karolina Siuda &nbsp; &nbsp; Dni kolorowe i tematyczne organizowane w szkole w roku szkolnym 2025_2026 Wydarzenia organizowane [&hellip;]<\/p>\n","protected":false},"author":1,"featured_media":0,"parent":0,"menu_order":0,"comment_status":"closed","ping_status":"closed","template":"","meta":{"ngg_post_thumbnail":0,"footnotes":""},"class_list":["post-2288","page","type-page","status-publish","hentry"],"_links":{"self":[{"href":"https:\/\/sp2.bedzin.pl\/index.php?rest_route=\/wp\/v2\/pages\/2288","targetHints":{"allow":["GET"]}}],"collection":[{"href":"https:\/\/sp2.bedzin.pl\/index.php?rest_route=\/wp\/v2\/pages"}],"about":[{"href":"https:\/\/sp2.bedzin.pl\/index.php?rest_route=\/wp\/v2\/types\/page"}],"author":[{"embeddable":true,"href":"https:\/\/sp2.bedzin.pl\/index.php?rest_route=\/wp\/v2\/users\/1"}],"replies":[{"embeddable":true,"href":"https:\/\/sp2.bedzin.pl\/index.php?rest_route=%2Fwp%2Fv2%2Fcomments&post=2288"}],"version-history":[{"count":5,"href":"https:\/\/sp2.bedzin.pl\/index.php?rest_route=\/wp\/v2\/pages\/2288\/revisions"}],"predecessor-version":[{"id":2517,"href":"https:\/\/sp2.bedzin.pl\/index.php?rest_route=\/wp\/v2\/pages\/2288\/revisions\/2517"}],"wp:attachment":[{"href":"https:\/\/sp2.bedzin.pl\/index.php?rest_route=%2Fwp%2Fv2%2Fmedia&parent=2288"}],"curies":[{"name":"wp","href":"https:\/\/api.w.org\/{rel}","templated":true}]}}